{"id":14,"date":"2017-09-24T12:41:47","date_gmt":"2017-09-24T12:41:47","guid":{"rendered":"https:\/\/thegenius.co\/wp\/industry\/live2\/?page_id=14"},"modified":"2023-01-09T13:35:27","modified_gmt":"2023-01-09T13:35:27","slug":"about","status":"publish","type":"page","link":"https:\/\/dev.ameba.ch\/index.php\/about\/","title":{"rendered":"\u00dcber uns"},"content":{"rendered":"<p><section class=\"kc-elm kc-css-985695 kc_row\"><div class=\"kc-row-container  kc-container\"><div class=\"kc-wrap-columns\"><div class=\"kc-elm kc-css-396441 kc_col-sm-7 kc_column kc_col-sm-7\"><div class=\"kc-col-container\">\n<div class=\"project-dtl-block\">\n    <h4 class=\"project-dtl-heading\">In dritter Generation: Vertrieb von High-End Silikonen und Industrieklebstoffen<\/h4>\n     <\/p>\n<p><\/div>\n    <div class=\"kc-elm kc-css-231167 kc_text_block\"><\/p>\n<p>\nVor \u00fcber 100 Jahren gr\u00fcndete Alphons Meier die Firma Ameba im Basel &#8211; die Anfangsbuchstaben seines Namens und seiner Heimatstadt bildeten den Unternehmensnamen: Alphons Meier Basel. 1919 baute er das Gesch\u00e4ft auf mit dem Vertrieb von chemisch-technischen Produkten und produzierte auch nach eigenen Rezepturen Klebstoffe, Grundierungen und Appreturen. Sein Sohn Harald Schirmer \u00fcbernahm dann das Unternehmen und passte es den sich stets ver\u00e4ndernden Kundenbed\u00fcrfnissen an.<\/p>\n<p>2012 \u00fcbernahm Beat Schirmer die Firma in dritter Generation und \u00fcberf\u00fchrte sie in die Ameba AG. Das Unternehmen fokussiert sich heute haupts\u00e4chlich auf den Handel von Fl\u00fcssig-Silikonkautschuk, Vergussmassen und Konstruktionsklebstoffen. Seit <span style=\"font-style: inherit;\">2019 befindet sich das Unternehmen im aargauischen Frick. Das grossz\u00fcgige Lager erm\u00f6glicht kurze Lieferzeiten und die neuen B\u00fcror\u00e4umlichkeiten bieten Raum f\u00fcr Workshops und Produktschulungen.\u00a0<\/span><\/p>\n<p>Mit dem Vertrieb hochwertiger Produkte, u.a. von <a href=\"https:\/\/www.wacker.com\/cms\/de-de\/products\/products-home.html\">Wacker<\/a> und <a href=\"https:\/\/www.lord.com\/emea\/\">Parker LORD<\/a>\u00a0und schlanken Prozessen sowie kompetenter Beratung ist die Ameba AG Ihr regional gut vernetzter Partner f\u00fcr Ihre Projekte.<\/p>\n<p>\n<\/div><\/div><\/div><div class=\"kc-elm kc-css-551392 kc_col-sm-5 kc_column kc_col-sm-5\"><div class=\"kc-col-container\"><div class=\"kc-elm kc-css-334864\" style=\"height: 209px; clear: both; width:100%;\"><\/div><div class=\"kc-elm kc-css-659070 kc_shortcode kc_single_image\">\n\n        <img src=\"https:\/\/dev.ameba.ch\/wp-content\/uploads\/2021\/04\/Ameba-Lager-Frick-e1618403575181.jpg\" class=\"\" alt=\"\" \/>    <\/div>\n<div class=\"kc-elm kc-css-460208 kc_row kc_row_inner\"><div class=\"kc-elm kc-css-925525 kc_col-sm-6 kc_column_inner kc_col-sm-6\"><div class=\"kc_wrapper kc-col-inner-container\"><div class=\"kc-elm kc-css-876427 kc_shortcode kc_single_image\">\n\n        <img src=\"https:\/\/dev.ameba.ch\/wp-content\/uploads\/2021\/04\/Opa-Schirmer-Basel-1980-e1618402959607.jpeg\" class=\"\" alt=\"\" \/>    <\/div>\n<\/div><\/div><div class=\"kc-elm kc-css-59331 kc_col-sm-6 kc_column_inner kc_col-sm-6\"><div class=\"kc_wrapper kc-col-inner-container\"><div class=\"kc-elm kc-css-644953 kc_shortcode kc_single_image\">\n\n        <img src=\"https:\/\/dev.ameba.ch\/wp-content\/uploads\/2021\/04\/Verkaufsflaeche-Immengasse-21-e1618403123202.jpeg\" class=\"\" alt=\"\" \/>    <\/div>\n<\/div><\/div><\/div><\/div><\/div><\/div><\/div><\/section><section class=\"kc-elm kc-css-475545 kc_row\"><div class=\"kc-row-container  kc-container\"><div class=\"kc-wrap-columns\"><div class=\"kc-elm kc-css-581868 kc_col-sm-12 kc_column kc_col-sm-12\"><div class=\"kc-col-container\"><div class=\"kc-elm kc-css-680370 kc_box_wrap \"><div><div class=\"one-one\"><p><br><\/p><\/div><\/div><\/div><\/div><\/div><\/div><\/div><\/section><section class=\"kc-elm kc-css-189289 kc_row\"><div class=\"kc-row-container  kc-container\"><div class=\"kc-wrap-columns\"><div class=\"kc-elm kc-css-641907 kc_col-sm-12 kc_column kc_col-sm-12\"><div class=\"kc-col-container\"><div class=\"kc-elm kc-css-181458 kc_row kc_row_inner\"><div class=\"kc-elm kc-css-681930 kc_col-sm-3 kc_column_inner kc_col-sm-3\"><div class=\"kc_wrapper kc-col-inner-container\">    <div class=\"team-member\">\r\n        <div class=\"team-img\">\r\n          <img src=\"https:\/\/dev.ameba.ch\/wp-content\/uploads\/2021\/04\/Schirmer_klein-e1617886020742-300x289.jpg\" class=\"img-responsive\" alt=\"team-member\">\r\n          <div class=\"team-social\">\r\n            <ul>\r\n                          <li><a href=\"\" target=\"_blank\"><i class=\"ti-facebook\" aria-hidden=\"true\"><\/i><\/a><\/li>\r\n                          <li><a href=\"\" target=\"_blank\"><i class=\"ti-linkedin\" aria-hidden=\"true\"><\/i><\/a><\/li>\r\n                        <\/ul>\r\n          <\/div>\r\n        <\/div>\r\n        <a href=\"javascript:void(0)\"><h6 class=\"team-name\">Beat Schirmer<\/h6><\/a>\r\n        <div class=\"team-post\">Gesch\u00e4ftsf\u00fchrer<\/div>\r\n        <div class=\"team-contact\"><a href=\"javascript:void(0)\">+41 (0)61 322 42 24<\/a><\/div>\r\n        <div class=\"team-mail\"><a href=\"javascript:void(0)\">b.schirmer@ameba.ch<\/a><\/div>\r\n    <\/div>\r\n    <\/div><\/div><div class=\"kc-elm kc-css-306776 kc_col-sm-3 kc_column_inner kc_col-sm-3\"><div class=\"kc_wrapper kc-col-inner-container\">    <div class=\"team-member\">\r\n        <div class=\"team-img\">\r\n          <img src=\"https:\/\/dev.ameba.ch\/wp-content\/uploads\/2021\/04\/rudolph-scaled-e1617885421379-300x291.jpg\" class=\"img-responsive\" alt=\"team-member\">\r\n          <div class=\"team-social\">\r\n            <ul>\r\n                          <li><a href=\"\" target=\"_blank\"><i class=\"ti-facebook\" aria-hidden=\"true\"><\/i><\/a><\/li>\r\n                          <li><a href=\"#\" target=\"_blank\"><i class=\"ti-linkedin\" aria-hidden=\"true\"><\/i><\/a><\/li>\r\n                        <\/ul>\r\n          <\/div>\r\n        <\/div>\r\n        <a href=\"javascript:void(0)\"><h6 class=\"team-name\">Isidora Rudolph<\/h6><\/a>\r\n        <div class=\"team-post\">Marketing Manager<\/div>\r\n        <div class=\"team-contact\"><a href=\"javascript:void(0)\">+41 (0)62 871 02 92<\/a><\/div>\r\n        <div class=\"team-mail\"><a href=\"javascript:void(0)\">i.rudolph@ameba.ch<\/a><\/div>\r\n    <\/div>\r\n    <\/div><\/div><div class=\"kc-elm kc-css-494198 kc_col-sm-3 kc_column_inner kc_col-sm-3\"><div class=\"kc_wrapper kc-col-inner-container\"><\/div><\/div><div class=\"kc-elm kc-css-161332 kc_col-sm-3 kc_column_inner kc_col-sm-3\"><div class=\"kc_wrapper kc-col-inner-container\"><\/div><\/div><\/div><\/div><\/div><\/div><\/div><\/section><\/p>\n","protected":false},"excerpt":{"rendered":"","protected":false},"author":1,"featured_media":0,"parent":0,"menu_order":0,"comment_status":"closed","ping_status":"closed","template":"","meta":[],"yoast_head":"<!-- This site is optimized with the Yoast SEO plugin v20.7 - https:\/\/yoast.com\/wordpress\/plugins\/seo\/ -->\n<title>Unternehmensgeschichte - Ameba AG<\/title>\n<meta name=\"description\" content=\"Unternehmensgeschichte: Seit \u00fcber 90 Jahren vertreibt die Ameba AG erfolgreich Fl\u00fcssig-Silikonkautschuk, Konstruktionsklebstoffe, Giessharze etc.\" \/>\n<meta name=\"robots\" content=\"noindex, follow, max-snippet:-1, max-image-preview:large, max-video-preview:-1\" \/>\n<meta property=\"og:locale\" content=\"de_DE\" \/>\n<meta property=\"og:type\" content=\"article\" \/>\n<meta property=\"og:title\" content=\"Unternehmensgeschichte - Ameba AG\" \/>\n<meta property=\"og:description\" content=\"Unternehmensgeschichte: Seit \u00fcber 90 Jahren vertreibt die Ameba AG erfolgreich Fl\u00fcssig-Silikonkautschuk, Konstruktionsklebstoffe, Giessharze etc.\" \/>\n<meta property=\"og:url\" content=\"https:\/\/dev.ameba.ch\/index.php\/about\/\" \/>\n<meta property=\"og:site_name\" content=\"Ameba AG\" \/>\n<meta property=\"article:modified_time\" content=\"2023-01-09T13:35:27+00:00\" \/>\n<meta property=\"og:image\" content=\"https:\/\/dev.ameba.ch\/wp-content\/uploads\/2021\/04\/Ameba-Lager-Frick-e1618403575181.jpg\" \/>\n<meta name=\"twitter:card\" content=\"summary_large_image\" \/>\n<meta name=\"twitter:label1\" content=\"Gesch\u00e4tzte Lesezeit\" \/>\n\t<meta name=\"twitter:data1\" content=\"2\u00a0Minuten\" \/>\n<script type=\"application\/ld+json\" class=\"yoast-schema-graph\">{\"@context\":\"https:\/\/schema.org\",\"@graph\":[{\"@type\":\"WebPage\",\"@id\":\"https:\/\/dev.ameba.ch\/index.php\/about\/\",\"url\":\"https:\/\/dev.ameba.ch\/index.php\/about\/\",\"name\":\"Unternehmensgeschichte - Ameba AG\",\"isPartOf\":{\"@id\":\"https:\/\/dev.ameba.ch\/#website\"},\"datePublished\":\"2017-09-24T12:41:47+00:00\",\"dateModified\":\"2023-01-09T13:35:27+00:00\",\"description\":\"Unternehmensgeschichte: Seit \u00fcber 90 Jahren vertreibt die Ameba AG erfolgreich Fl\u00fcssig-Silikonkautschuk, Konstruktionsklebstoffe, Giessharze etc.\",\"breadcrumb\":{\"@id\":\"https:\/\/dev.ameba.ch\/index.php\/about\/#breadcrumb\"},\"inLanguage\":\"de\",\"potentialAction\":[{\"@type\":\"ReadAction\",\"target\":[\"https:\/\/dev.ameba.ch\/index.php\/about\/\"]}]},{\"@type\":\"BreadcrumbList\",\"@id\":\"https:\/\/dev.ameba.ch\/index.php\/about\/#breadcrumb\",\"itemListElement\":[{\"@type\":\"ListItem\",\"position\":1,\"name\":\"Home\",\"item\":\"https:\/\/dev.ameba.ch\/\"},{\"@type\":\"ListItem\",\"position\":2,\"name\":\"\u00dcber uns\"}]},{\"@type\":\"WebSite\",\"@id\":\"https:\/\/dev.ameba.ch\/#website\",\"url\":\"https:\/\/dev.ameba.ch\/\",\"name\":\"Ameba AG\",\"description\":\"\",\"publisher\":{\"@id\":\"https:\/\/dev.ameba.ch\/#organization\"},\"potentialAction\":[{\"@type\":\"SearchAction\",\"target\":{\"@type\":\"EntryPoint\",\"urlTemplate\":\"https:\/\/dev.ameba.ch\/?s={search_term_string}\"},\"query-input\":\"required name=search_term_string\"}],\"inLanguage\":\"de\"},{\"@type\":\"Organization\",\"@id\":\"https:\/\/dev.ameba.ch\/#organization\",\"name\":\"Ameba AG\",\"url\":\"https:\/\/dev.ameba.ch\/\",\"logo\":{\"@type\":\"ImageObject\",\"inLanguage\":\"de\",\"@id\":\"https:\/\/dev.ameba.ch\/#\/schema\/logo\/image\/\",\"url\":\"https:\/\/dev.ameba.ch\/wp-content\/uploads\/2017\/09\/cropped-logo-1.png\",\"contentUrl\":\"https:\/\/dev.ameba.ch\/wp-content\/uploads\/2017\/09\/cropped-logo-1.png\",\"width\":85,\"height\":85,\"caption\":\"Ameba AG\"},\"image\":{\"@id\":\"https:\/\/dev.ameba.ch\/#\/schema\/logo\/image\/\"}}]}<\/script>\n<!-- \/ Yoast SEO plugin. -->","yoast_head_json":{"title":"Unternehmensgeschichte - Ameba AG","description":"Unternehmensgeschichte: Seit \u00fcber 90 Jahren vertreibt die Ameba AG erfolgreich Fl\u00fcssig-Silikonkautschuk, Konstruktionsklebstoffe, Giessharze etc.","robots":{"index":"noindex","follow":"follow","max-snippet":"max-snippet:-1","max-image-preview":"max-image-preview:large","max-video-preview":"max-video-preview:-1"},"og_locale":"de_DE","og_type":"article","og_title":"Unternehmensgeschichte - Ameba AG","og_description":"Unternehmensgeschichte: Seit \u00fcber 90 Jahren vertreibt die Ameba AG erfolgreich Fl\u00fcssig-Silikonkautschuk, Konstruktionsklebstoffe, Giessharze etc.","og_url":"https:\/\/dev.ameba.ch\/index.php\/about\/","og_site_name":"Ameba AG","article_modified_time":"2023-01-09T13:35:27+00:00","og_image":[{"url":"https:\/\/dev.ameba.ch\/wp-content\/uploads\/2021\/04\/Ameba-Lager-Frick-e1618403575181.jpg"}],"twitter_card":"summary_large_image","twitter_misc":{"Gesch\u00e4tzte Lesezeit":"2\u00a0Minuten"},"schema":{"@context":"https:\/\/schema.org","@graph":[{"@type":"WebPage","@id":"https:\/\/dev.ameba.ch\/index.php\/about\/","url":"https:\/\/dev.ameba.ch\/index.php\/about\/","name":"Unternehmensgeschichte - Ameba AG","isPartOf":{"@id":"https:\/\/dev.ameba.ch\/#website"},"datePublished":"2017-09-24T12:41:47+00:00","dateModified":"2023-01-09T13:35:27+00:00","description":"Unternehmensgeschichte: Seit \u00fcber 90 Jahren vertreibt die Ameba AG erfolgreich Fl\u00fcssig-Silikonkautschuk, Konstruktionsklebstoffe, Giessharze etc.","breadcrumb":{"@id":"https:\/\/dev.ameba.ch\/index.php\/about\/#breadcrumb"},"inLanguage":"de","potentialAction":[{"@type":"ReadAction","target":["https:\/\/dev.ameba.ch\/index.php\/about\/"]}]},{"@type":"BreadcrumbList","@id":"https:\/\/dev.ameba.ch\/index.php\/about\/#breadcrumb","itemListElement":[{"@type":"ListItem","position":1,"name":"Home","item":"https:\/\/dev.ameba.ch\/"},{"@type":"ListItem","position":2,"name":"\u00dcber uns"}]},{"@type":"WebSite","@id":"https:\/\/dev.ameba.ch\/#website","url":"https:\/\/dev.ameba.ch\/","name":"Ameba AG","description":"","publisher":{"@id":"https:\/\/dev.ameba.ch\/#organization"},"potentialAction":[{"@type":"SearchAction","target":{"@type":"EntryPoint","urlTemplate":"https:\/\/dev.ameba.ch\/?s={search_term_string}"},"query-input":"required name=search_term_string"}],"inLanguage":"de"},{"@type":"Organization","@id":"https:\/\/dev.ameba.ch\/#organization","name":"Ameba AG","url":"https:\/\/dev.ameba.ch\/","logo":{"@type":"ImageObject","inLanguage":"de","@id":"https:\/\/dev.ameba.ch\/#\/schema\/logo\/image\/","url":"https:\/\/dev.ameba.ch\/wp-content\/uploads\/2017\/09\/cropped-logo-1.png","contentUrl":"https:\/\/dev.ameba.ch\/wp-content\/uploads\/2017\/09\/cropped-logo-1.png","width":85,"height":85,"caption":"Ameba AG"},"image":{"@id":"https:\/\/dev.ameba.ch\/#\/schema\/logo\/image\/"}}]}},"_links":{"self":[{"href":"https:\/\/dev.ameba.ch\/index.php\/wp-json\/wp\/v2\/pages\/14"}],"collection":[{"href":"https:\/\/dev.ameba.ch\/index.php\/wp-json\/wp\/v2\/pages"}],"about":[{"href":"https:\/\/dev.ameba.ch\/index.php\/wp-json\/wp\/v2\/types\/page"}],"author":[{"embeddable":true,"href":"https:\/\/dev.ameba.ch\/index.php\/wp-json\/wp\/v2\/users\/1"}],"replies":[{"embeddable":true,"href":"https:\/\/dev.ameba.ch\/index.php\/wp-json\/wp\/v2\/comments?post=14"}],"version-history":[{"count":88,"href":"https:\/\/dev.ameba.ch\/index.php\/wp-json\/wp\/v2\/pages\/14\/revisions"}],"predecessor-version":[{"id":1754,"href":"https:\/\/dev.ameba.ch\/index.php\/wp-json\/wp\/v2\/pages\/14\/revisions\/1754"}],"wp:attachment":[{"href":"https:\/\/dev.ameba.ch\/index.php\/wp-json\/wp\/v2\/media?parent=14"}],"curies":[{"name":"wp","href":"https:\/\/api.w.org\/{rel}","templated":true}]}}